{"id":13645,"date":"2023-02-02T20:09:06","date_gmt":"2023-02-02T19:09:06","guid":{"rendered":"https:\/\/www.isperdas.it\/willkommen\/chi-siamo-fratelli-ollanu\/"},"modified":"2023-07-03T11:52:26","modified_gmt":"2023-07-03T09:52:26","slug":"wer-wir-sind","status":"publish","type":"page","link":"https:\/\/www.isperdas.it\/de\/willkommen\/wer-wir-sind\/","title":{"rendered":"Wer wir sind"},"content":{"rendered":"<p><div class=\"fusion-bg-parallax\" data-bg-align=\"center center\" data-direction=\"up\" data-mute=\"false\" data-opacity=\"100\" data-velocity=\"-0.3\" data-mobile-enabled=\"true\" data-break_parents=\"0\" data-bg-image=\"https:\/\/www.isperdas.it\/wp-content\/uploads\/2023\/05\/fratelli-ollanu.jpg\" data-bg-repeat=\"false\" ><\/div><div class=\"fusion-fullwidth fullwidth-box fusion-builder-row-1 fusion-flex-container has-pattern-background has-mask-background fusion-parallax-up hundred-percent-fullwidth non-hundred-percent-height-scrolling fusion-no-small-visibility fusion-animated\" style=\"--link_hover_color: var(--awb-color5);--link_color: var(--awb-color5);--awb-border-color:var(--awb-color1);--awb-border-radius-top-left:0px;--awb-border-radius-top-right:0px;--awb-border-radius-bottom-right:0px;--awb-border-radius-bottom-left:0px;--awb-padding-top:0px;--awb-padding-right:0px;--awb-padding-bottom:0px;--awb-padding-left:0px;--awb-padding-top-medium:0px;--awb-padding-right-medium:0px;--awb-padding-bottom-medium:0px;--awb-padding-left-medium:0px;--awb-padding-top-small:0px;--awb-padding-right-small:0px;--awb-padding-bottom-small:0px;--awb-padding-left-small:0px;--awb-margin-top:140px;--awb-margin-bottom:0px;--awb-margin-top-medium:85px;--awb-margin-bottom-medium:0px;--awb-margin-top-small:85px;--awb-margin-bottom-small:0px;--awb-min-height:550px;--awb-min-height-small:350px;--awb-background-image:url(&quot;https:\/\/www.isperdas.it\/wp-content\/uploads\/2023\/05\/fratelli-ollanu.jpg&quot;);--awb-background-size:cover;--awb-flex-wrap:wrap;\" data-animationType=\"fadeInDown\" data-animationDuration=\"0.3\" data-animationOffset=\"top-into-view\" ><div class=\"fusion-builder-row fusion-row fusion-flex-align-items-center fusion-flex-justify-content-center fusion-flex-content-wrap\" style=\"width:calc( 100% + 0px ) !important;max-width:calc( 100% + 0px ) !important;margin-left: calc(-0px \/ 2 );margin-right: calc(-0px \/ 2 );\"><div class=\"fusion-layout-column fusion_builder_column fusion-builder-column-0 fusion_builder_column_1_1 1_1 fusion-flex-column fusion-animated\" style=\"--awb-padding-bottom-medium:0px;--awb-padding-top-small:0px;--awb-padding-right-small:0px;--awb-padding-bottom-small:0px;--awb-padding-left-small:0px;--awb-bg-size:cover;--awb-width-large:100%;--awb-margin-top-large:0px;--awb-spacing-right-large:0px;--awb-margin-bottom-large:0px;--awb-spacing-left-large:0px;--awb-width-medium:66.666666666667%;--awb-order-medium:0;--awb-spacing-right-medium:0px;--awb-spacing-left-medium:20px;--awb-width-small:100%;--awb-order-small:0;--awb-margin-top-small:0px;--awb-spacing-right-small:0px;--awb-margin-bottom-small:0px;--awb-spacing-left-small:0px;\" data-animationType=\"fadeInRight\" data-animationDuration=\"1.3\" data-animationOffset=\"top-into-view\"><div class=\"fusion-column-wrapper fusion-column-has-shadow fusion-flex-justify-content-flex-start fusion-content-layout-column\"><\/div><\/div><\/div><\/div><div class=\"fusion-fullwidth fullwidth-box fusion-builder-row-2 fusion-flex-container has-pattern-background has-mask-background nonhundred-percent-fullwidth non-hundred-percent-height-scrolling fusion-no-medium-visibility fusion-no-large-visibility\" style=\"--awb-border-radius-top-left:0px;--awb-border-radius-top-right:0px;--awb-border-radius-bottom-right:0px;--awb-border-radius-bottom-left:0px;--awb-padding-top:0px;--awb-padding-right:0px;--awb-padding-bottom:0px;--awb-padding-left:0px;--awb-margin-top:100px;--awb-margin-bottom:0px;--awb-margin-top-medium:100px;--awb-flex-wrap:wrap;\" ><div class=\"fusion-builder-row fusion-row fusion-flex-align-items-flex-start fusion-flex-content-wrap\" style=\"max-width:1248px;margin-left: calc(-4% \/ 2 );margin-right: calc(-4% \/ 2 );\"><div class=\"fusion-layout-column fusion_builder_column fusion-builder-column-1 fusion_builder_column_1_1 1_1 fusion-flex-column\" style=\"--awb-padding-top:0px;--awb-padding-right:0px;--awb-padding-bottom:0px;--awb-padding-left:0px;--awb-bg-size:cover;--awb-width-large:100%;--awb-margin-top-large:0px;--awb-spacing-right-large:1.92%;--awb-margin-bottom-large:0px;--awb-spacing-left-large:1.92%;--awb-width-medium:100%;--awb-order-medium:0;--awb-spacing-right-medium:1.92%;--awb-spacing-left-medium:1.92%;--awb-width-small:100%;--awb-order-small:0;--awb-spacing-right-small:1.92%;--awb-spacing-left-small:1.92%;\"><div class=\"fusion-column-wrapper fusion-column-has-shadow fusion-flex-justify-content-flex-start fusion-content-layout-column\"><div class=\"fusion-image-element \" style=\"--awb-margin-top:0px;--awb-margin-right:0px;--awb-margin-bottom:0px;--awb-margin-left:0px;--awb-caption-title-font-family:var(--h2_typography-font-family);--awb-caption-title-font-weight:var(--h2_typography-font-weight);--awb-caption-title-font-style:var(--h2_typography-font-style);--awb-caption-title-size:var(--h2_typography-font-size);--awb-caption-title-transform:var(--h2_typography-text-transform);--awb-caption-title-line-height:var(--h2_typography-line-height);--awb-caption-title-letter-spacing:var(--h2_typography-letter-spacing);\"><span class=\" fusion-imageframe imageframe-none imageframe-1 hover-type-none\"><img decoding=\"async\" width=\"1920\" height=\"1280\" src=\"https:\/\/www.isperdas.it\/wp-content\/uploads\/2023\/05\/fratelli-ollanu.jpg\" alt class=\"img-responsive wp-image-16118\" srcset=\"https:\/\/www.isperdas.it\/wp-content\/uploads\/2023\/05\/fratelli-ollanu-200x133.jpg 200w, https:\/\/www.isperdas.it\/wp-content\/uploads\/2023\/05\/fratelli-ollanu-400x267.jpg 400w, https:\/\/www.isperdas.it\/wp-content\/uploads\/2023\/05\/fratelli-ollanu-600x400.jpg 600w, https:\/\/www.isperdas.it\/wp-content\/uploads\/2023\/05\/fratelli-ollanu-800x533.jpg 800w, https:\/\/www.isperdas.it\/wp-content\/uploads\/2023\/05\/fratelli-ollanu-1200x800.jpg 1200w, https:\/\/www.isperdas.it\/wp-content\/uploads\/2023\/05\/fratelli-ollanu.jpg 1920w\" sizes=\"(max-width: 640px) 100vw, 1200px\" \/><\/span><\/div><\/div><\/div><\/div><\/div><div class=\"fusion-fullwidth fullwidth-box fusion-builder-row-3 fusion-flex-container has-pattern-background has-mask-background fusion-parallax-none hundred-percent-fullwidth non-hundred-percent-height-scrolling\" style=\"--awb-background-position:center top;--awb-background-repeat:repeat;--awb-border-sizes-top:0px;--awb-border-sizes-bottom:0px;--awb-border-sizes-left:0px;--awb-border-sizes-right:0px;--awb-border-radius-top-left:0px;--awb-border-radius-top-right:0px;--awb-border-radius-bottom-right:0px;--awb-border-radius-bottom-left:0px;--awb-padding-top:80px;--awb-padding-bottom:20px;--awb-padding-top-medium:90px;--awb-padding-bottom-medium:40px;--awb-padding-top-small:60px;--awb-padding-bottom-small:0px;--awb-margin-bottom-medium:0px;--awb-background-color:var(--awb-color1);--awb-background-image:url(&quot;https:\/\/www.isperdas.it\/wp-content\/uploads\/2023\/01\/bg-5.jpg&quot;);--awb-flex-wrap:wrap;\" ><div class=\"fusion-builder-row fusion-row fusion-flex-align-items-stretch fusion-flex-justify-content-center fusion-flex-content-wrap\" style=\"width:calc( 100% + 100px ) !important;max-width:calc( 100% + 100px ) !important;margin-left: calc(-100px \/ 2 );margin-right: calc(-100px \/ 2 );\"><div class=\"fusion-layout-column fusion_builder_column fusion-builder-column-2 fusion_builder_column_3_5 3_5 fusion-flex-column fusion-flex-align-self-flex-start fusion-column-no-min-height fusion-animated\" style=\"--awb-bg-blend:overlay;--awb-bg-size:cover;--awb-width-large:60%;--awb-margin-top-large:0px;--awb-spacing-right-large:50px;--awb-margin-bottom-large:60px;--awb-spacing-left-large:50px;--awb-width-medium:80%;--awb-spacing-right-medium:50px;--awb-spacing-left-medium:50px;--awb-width-small:100%;--awb-spacing-right-small:50px;--awb-spacing-left-small:50px;\" data-animationType=\"fadeIn\" data-animationDuration=\"0.8\" data-animationOffset=\"top-into-view\"><div class=\"fusion-column-wrapper fusion-flex-justify-content-flex-start fusion-content-layout-column\"><div class=\"fusion-separator fusion-full-width-sep\" style=\"align-self: center;margin-left: auto;margin-right: auto;margin-top:25px;width:100%;\"><\/div><div class=\"fusion-title title fusion-title-1 fusion-sep-none fusion-title-center fusion-title-text fusion-title-size-one\" style=\"--awb-margin-right:20px;--awb-margin-bottom:0px;--awb-margin-left:20px;\"><h1 class=\"fusion-title-heading title-heading-center\" style=\"margin:0;\">Die Ollanu-Br\u00fcder<\/h1><\/div><div class=\"fusion-text fusion-text-1\" style=\"--awb-content-alignment:center;--awb-font-size:20px;--awb-letter-spacing:0.2em;--awb-text-color:hsla(var(--awb-color4-h),var(--awb-color4-s),var(--awb-color4-l),calc(var(--awb-color4-a) - 20%));\"><p>WER SIND WIR<\/p>\n<\/div><div class=\"fusion-separator fusion-full-width-sep\" style=\"align-self: center;margin-left: auto;margin-right: auto;margin-top:25px;width:100%;\"><\/div><div class=\"fusion-text fusion-text-2\" style=\"--awb-content-alignment:justify;--awb-text-color:hsla(var(--awb-color8-h),var(--awb-color8-s),var(--awb-color8-l),calc(var(--awb-color8-a) - 20%));\"><p>Die beiden <strong>Br\u00fcder<\/strong> wuchsen in einer Arbeiterfamilie in einer friedlichen Umgebung auf. Ihre Kindheit und Jugend verbrachten Sie im Herzen Sardiniens. <strong>Simone<\/strong>, Jahrgang 1982 ist der \u00e4ltere der Beiden. Im Jahr 2001 wanderte er im Alter von 19 Jahren nach Venetien aus, wo er bis heute als Unternehmer lebt. Die Verbindung zu seiner Heimat und seinen Wurzeln hat er stets lebendig gehalten.<br \/><strong>Claudio<\/strong>, Jahrgang 1984, schloss ein Studium der Wirtschaftswissenschaften in Cagliari ab und setzte seine Ausbildung dann in Trentino fort, wo er sich auf Finanzwesen spezialisierte. Seinen Master absolvierte er im Ausland. Er sammelte seine Arbeitserfahrungen au\u00dferhalb von Sardinien und kehrte schlie\u00dflich zu seinen Wurzeln nach Gergei zur\u00fcck, wo er eine T\u00e4tigkeit als Landwirtschaftlicher Unternehmer aufnahm.<br \/>Genau zu dieser Zeit, vergleicht man die Entwicklung der Br\u00fcder miteinander, wurde die Idee des \u201eIs Perdas\u201c geboren, die von der gesamten Familie unterst\u00fctzt wird. So wurde der Grundstein gelegt. Es war im Fr\u00fchling 2015.<\/p>\n<\/div><\/div><\/div><\/div><\/div><div class=\"fusion-fullwidth fullwidth-box fusion-builder-row-4 fusion-flex-container has-pattern-background has-mask-background hundred-percent-fullwidth non-hundred-percent-height-scrolling\" style=\"--awb-background-position:center top;--awb-background-repeat:repeat;--awb-border-sizes-top:0px;--awb-border-sizes-bottom:0px;--awb-border-sizes-left:0px;--awb-border-sizes-right:0px;--awb-border-radius-top-left:0px;--awb-border-radius-top-right:0px;--awb-border-radius-bottom-right:0px;--awb-border-radius-bottom-left:0px;--awb-padding-top:30px;--awb-padding-bottom:90px;--awb-padding-top-medium:40px;--awb-padding-bottom-medium:40px;--awb-padding-top-small:30px;--awb-padding-bottom-small:40px;--awb-margin-bottom-medium:0px;--awb-flex-wrap:wrap;\" ><div class=\"fusion-builder-row fusion-row fusion-flex-align-items-stretch fusion-flex-justify-content-center fusion-flex-content-wrap\" style=\"width:calc( 100% + 100px ) !important;max-width:calc( 100% + 100px ) !important;margin-left: calc(-100px \/ 2 );margin-right: calc(-100px \/ 2 );\"><div class=\"fusion-layout-column fusion_builder_column fusion-builder-column-3 fusion_builder_column_1_1 1_1 fusion-flex-column fusion-flex-align-self-flex-start fusion-column-no-min-height fusion-animated\" style=\"--awb-bg-blend:overlay;--awb-bg-size:cover;--awb-width-large:100%;--awb-margin-top-large:0px;--awb-spacing-right-large:50px;--awb-margin-bottom-large:30px;--awb-spacing-left-large:50px;--awb-width-medium:80%;--awb-order-medium:0;--awb-spacing-right-medium:50px;--awb-spacing-left-medium:50px;--awb-width-small:100%;--awb-order-small:0;--awb-margin-top-small:0;--awb-spacing-right-small:50px;--awb-margin-bottom-small:20px;--awb-spacing-left-small:50px;\" data-animationType=\"fadeIn\" data-animationDuration=\"0.8\" data-animationOffset=\"top-into-view\"><div class=\"fusion-column-wrapper fusion-column-has-shadow fusion-flex-justify-content-flex-start fusion-content-layout-column\"><div class=\"awb-gallery-wrapper awb-gallery-wrapper-1 button-span-no\" style=\"--more-btn-alignment:center;\"><div style=\"margin:-3px;--awb-bordersize:0px;--awb-columns-small:50%;\" class=\"fusion-gallery fusion-gallery-container fusion-grid-6 fusion-columns-total-7 fusion-gallery-layout-masonry fusion-gallery-1\"><div class=\"fusion-grid-column fusion-gallery-column fusion-gallery-column-6 hover-type-zoomin fusion-grid-sizer\"><\/div><div style=\"padding:3px;\" class=\"fusion-grid-column fusion-gallery-column fusion-gallery-column-6 hover-type-zoomin fusion-element-landscape fusion-element-portrait\"><div class=\"fusion-gallery-image\"><a href=\"https:\/\/www.isperdas.it\/wp-content\/uploads\/2023\/05\/DSC01043.jpg\" rel=\"noreferrer\" data-rel=\"iLightbox[gallery_image_1]\" class=\"fusion-lightbox\" target=\"_self\"><div style=\"background-image:url(https:\/\/www.isperdas.it\/wp-content\/uploads\/2023\/05\/DSC01043.jpg);padding-top:calc((100% + 6px) * 0.8);background-position:;\" class=\"fusion-masonry-element-container\"><img decoding=\"async\" src=\"https:\/\/www.isperdas.it\/wp-content\/uploads\/2023\/05\/DSC01043.jpg\" width=\"1100\" height=\"733\" alt=\"\" title=\"\" aria-label=\"\" class=\"img-responsive wp-image-15559\" srcset=\"https:\/\/www.isperdas.it\/wp-content\/uploads\/2023\/05\/DSC01043-200x133.jpg 200w, https:\/\/www.isperdas.it\/wp-content\/uploads\/2023\/05\/DSC01043-400x267.jpg 400w, https:\/\/www.isperdas.it\/wp-content\/uploads\/2023\/05\/DSC01043-600x400.jpg 600w, https:\/\/www.isperdas.it\/wp-content\/uploads\/2023\/05\/DSC01043-800x533.jpg 800w, https:\/\/www.isperdas.it\/wp-content\/uploads\/2023\/05\/DSC01043.jpg 1100w\" sizes=\"(min-width: 2200px) 100vw, (min-width: 784px) 398px, (min-width: 712px) 597px, (min-width: 640px) 712px, \" \/><\/div><\/a><\/div><\/div><div style=\"padding:3px;\" class=\"fusion-grid-column fusion-gallery-column fusion-gallery-column-6 hover-type-zoomin fusion-element-grid\"><div class=\"fusion-gallery-image\"><a href=\"https:\/\/www.isperdas.it\/wp-content\/uploads\/2023\/02\/is-perdas-agriturismo-fratelli-ollanu-sardegna-2.jpg\" rel=\"noreferrer\" data-rel=\"iLightbox[gallery_image_1]\" class=\"fusion-lightbox\" target=\"_self\"><div style=\"background-image:url(https:\/\/www.isperdas.it\/wp-content\/uploads\/2023\/02\/is-perdas-agriturismo-fratelli-ollanu-sardegna-2.jpg);padding-top:calc((100% + 6px) * 0.8 - 3px);background-position:;\" class=\"fusion-masonry-element-container\"><img decoding=\"async\" src=\"https:\/\/www.isperdas.it\/wp-content\/uploads\/2023\/02\/is-perdas-agriturismo-fratelli-ollanu-sardegna-2.jpg\" width=\"638\" height=\"850\" alt=\"\" title=\"is-perdas-agriturismo-fratelli-ollanu-sardegna-2\" aria-label=\"is-perdas-agriturismo-fratelli-ollanu-sardegna-2\" class=\"img-responsive wp-image-12692\" srcset=\"https:\/\/www.isperdas.it\/wp-content\/uploads\/2023\/02\/is-perdas-agriturismo-fratelli-ollanu-sardegna-2-200x266.jpg 200w, https:\/\/www.isperdas.it\/wp-content\/uploads\/2023\/02\/is-perdas-agriturismo-fratelli-ollanu-sardegna-2-400x533.jpg 400w, https:\/\/www.isperdas.it\/wp-content\/uploads\/2023\/02\/is-perdas-agriturismo-fratelli-ollanu-sardegna-2-600x799.jpg 600w, https:\/\/www.isperdas.it\/wp-content\/uploads\/2023\/02\/is-perdas-agriturismo-fratelli-ollanu-sardegna-2.jpg 638w\" sizes=\"(min-width: 2200px) 100vw, (min-width: 1000px) 198px, (min-width: 928px) 237px, (min-width: 856px) 296px, (min-width: 784px) 395px, (min-width: 712px) 593px, (min-width: 640px) 712px, \" \/><\/div><\/a><\/div><\/div><div style=\"padding:3px;\" class=\"fusion-grid-column fusion-gallery-column fusion-gallery-column-6 hover-type-zoomin fusion-element-grid\"><div class=\"fusion-gallery-image\"><a href=\"https:\/\/www.isperdas.it\/wp-content\/uploads\/2023\/02\/is-perdas-agriturismo-fratelli-ollanu-sardegna-4.jpg\" rel=\"noreferrer\" data-rel=\"iLightbox[gallery_image_1]\" class=\"fusion-lightbox\" target=\"_self\"><div style=\"background-image:url(https:\/\/www.isperdas.it\/wp-content\/uploads\/2023\/02\/is-perdas-agriturismo-fratelli-ollanu-sardegna-4.jpg);padding-top:calc((100% + 6px) * 0.8 - 3px);background-position:;\" class=\"fusion-masonry-element-container\"><img decoding=\"async\" src=\"https:\/\/www.isperdas.it\/wp-content\/uploads\/2023\/02\/is-perdas-agriturismo-fratelli-ollanu-sardegna-4.jpg\" width=\"850\" height=\"638\" alt=\"\" title=\"is-perdas-agriturismo-fratelli-ollanu-sardegna-4\" aria-label=\"is-perdas-agriturismo-fratelli-ollanu-sardegna-4\" class=\"img-responsive wp-image-12696\" srcset=\"https:\/\/www.isperdas.it\/wp-content\/uploads\/2023\/02\/is-perdas-agriturismo-fratelli-ollanu-sardegna-4-200x150.jpg 200w, https:\/\/www.isperdas.it\/wp-content\/uploads\/2023\/02\/is-perdas-agriturismo-fratelli-ollanu-sardegna-4-400x300.jpg 400w, https:\/\/www.isperdas.it\/wp-content\/uploads\/2023\/02\/is-perdas-agriturismo-fratelli-ollanu-sardegna-4-600x450.jpg 600w, https:\/\/www.isperdas.it\/wp-content\/uploads\/2023\/02\/is-perdas-agriturismo-fratelli-ollanu-sardegna-4-800x600.jpg 800w, https:\/\/www.isperdas.it\/wp-content\/uploads\/2023\/02\/is-perdas-agriturismo-fratelli-ollanu-sardegna-4.jpg 850w\" sizes=\"(min-width: 2200px) 100vw, (min-width: 1000px) 198px, (min-width: 928px) 237px, (min-width: 856px) 296px, (min-width: 784px) 395px, (min-width: 712px) 593px, (min-width: 640px) 712px, \" \/><\/div><\/a><\/div><\/div><div style=\"padding:3px;\" class=\"fusion-grid-column fusion-gallery-column fusion-gallery-column-6 hover-type-zoomin fusion-element-grid\"><div class=\"fusion-gallery-image\"><a href=\"https:\/\/www.isperdas.it\/wp-content\/uploads\/2023\/02\/isperdas-agriturismo-totem-1-1.jpg\" rel=\"noreferrer\" data-rel=\"iLightbox[gallery_image_1]\" class=\"fusion-lightbox\" target=\"_self\"><div style=\"background-image:url(https:\/\/www.isperdas.it\/wp-content\/uploads\/2023\/02\/isperdas-agriturismo-totem-1-1.jpg);padding-top:calc((100% + 6px) * 0.8 - 3px);background-position:;\" class=\"fusion-masonry-element-container\"><img decoding=\"async\" src=\"https:\/\/www.isperdas.it\/wp-content\/uploads\/2023\/02\/isperdas-agriturismo-totem-1-1.jpg\" width=\"850\" height=\"644\" alt=\"\" title=\"isperdas-agriturismo-totem-1-1\" aria-label=\"isperdas-agriturismo-totem-1-1\" class=\"img-responsive wp-image-12700\" srcset=\"https:\/\/www.isperdas.it\/wp-content\/uploads\/2023\/02\/isperdas-agriturismo-totem-1-1-200x152.jpg 200w, https:\/\/www.isperdas.it\/wp-content\/uploads\/2023\/02\/isperdas-agriturismo-totem-1-1-400x303.jpg 400w, https:\/\/www.isperdas.it\/wp-content\/uploads\/2023\/02\/isperdas-agriturismo-totem-1-1-600x455.jpg 600w, https:\/\/www.isperdas.it\/wp-content\/uploads\/2023\/02\/isperdas-agriturismo-totem-1-1-800x606.jpg 800w, https:\/\/www.isperdas.it\/wp-content\/uploads\/2023\/02\/isperdas-agriturismo-totem-1-1.jpg 850w\" sizes=\"(min-width: 2200px) 100vw, (min-width: 1000px) 198px, (min-width: 928px) 237px, (min-width: 856px) 296px, (min-width: 784px) 395px, (min-width: 712px) 593px, (min-width: 640px) 712px, \" \/><\/div><\/a><\/div><\/div><div style=\"padding:3px;\" class=\"fusion-grid-column fusion-gallery-column fusion-gallery-column-6 hover-type-zoomin fusion-element-grid\"><div class=\"fusion-gallery-image\"><a href=\"https:\/\/www.isperdas.it\/wp-content\/uploads\/2023\/02\/DSC08319.jpg\" rel=\"noreferrer\" data-rel=\"iLightbox[gallery_image_1]\" class=\"fusion-lightbox\" target=\"_self\"><div style=\"background-image:url(https:\/\/www.isperdas.it\/wp-content\/uploads\/2023\/02\/DSC08319.jpg);padding-top:calc((100% + 6px) * 0.8 - 3px);background-position:;\" class=\"fusion-masonry-element-container\"><img decoding=\"async\" src=\"https:\/\/www.isperdas.it\/wp-content\/uploads\/2023\/02\/DSC08319.jpg\" width=\"534\" height=\"800\" alt=\"\" title=\"DSC08319\" aria-label=\"DSC08319\" class=\"img-responsive wp-image-12704\" srcset=\"https:\/\/www.isperdas.it\/wp-content\/uploads\/2023\/02\/DSC08319-200x300.jpg 200w, https:\/\/www.isperdas.it\/wp-content\/uploads\/2023\/02\/DSC08319-400x599.jpg 400w, https:\/\/www.isperdas.it\/wp-content\/uploads\/2023\/02\/DSC08319.jpg 534w\" sizes=\"(min-width: 2200px) 100vw, (min-width: 1000px) 198px, (min-width: 928px) 237px, (min-width: 856px) 296px, (min-width: 784px) 395px, (min-width: 712px) 593px, (min-width: 640px) 712px, \" \/><\/div><\/a><\/div><\/div><div style=\"padding:3px;\" class=\"fusion-grid-column fusion-gallery-column fusion-gallery-column-6 hover-type-zoomin fusion-element-grid\"><div class=\"fusion-gallery-image\"><a href=\"https:\/\/www.isperdas.it\/wp-content\/uploads\/2023\/02\/IMG-20190223-WA0061.jpg\" rel=\"noreferrer\" data-rel=\"iLightbox[gallery_image_1]\" class=\"fusion-lightbox\" target=\"_self\"><div style=\"background-image:url(https:\/\/www.isperdas.it\/wp-content\/uploads\/2023\/02\/IMG-20190223-WA0061.jpg);padding-top:calc((100% + 6px) * 0.8 - 3px);background-position:;\" class=\"fusion-masonry-element-container\"><img decoding=\"async\" src=\"https:\/\/www.isperdas.it\/wp-content\/uploads\/2023\/02\/IMG-20190223-WA0061.jpg\" width=\"800\" height=\"600\" alt=\"\" title=\"IMG-20190223-WA0061\" aria-label=\"IMG-20190223-WA0061\" class=\"img-responsive wp-image-12708\" srcset=\"https:\/\/www.isperdas.it\/wp-content\/uploads\/2023\/02\/IMG-20190223-WA0061-200x150.jpg 200w, https:\/\/www.isperdas.it\/wp-content\/uploads\/2023\/02\/IMG-20190223-WA0061-400x300.jpg 400w, https:\/\/www.isperdas.it\/wp-content\/uploads\/2023\/02\/IMG-20190223-WA0061-600x450.jpg 600w, https:\/\/www.isperdas.it\/wp-content\/uploads\/2023\/02\/IMG-20190223-WA0061.jpg 800w\" sizes=\"(min-width: 2200px) 100vw, (min-width: 1000px) 198px, (min-width: 928px) 237px, (min-width: 856px) 296px, (min-width: 784px) 395px, (min-width: 712px) 593px, (min-width: 640px) 712px, \" \/><\/div><\/a><\/div><\/div><div style=\"padding:3px;\" class=\"fusion-grid-column fusion-gallery-column fusion-gallery-column-6 hover-type-zoomin fusion-element-grid\"><div class=\"fusion-gallery-image\"><a href=\"https:\/\/www.isperdas.it\/wp-content\/uploads\/2023\/02\/is-perdas-agriturismo-fratelli-ollanu-sardegna-1.jpg\" rel=\"noreferrer\" data-rel=\"iLightbox[gallery_image_1]\" class=\"fusion-lightbox\" target=\"_self\"><div style=\"background-image:url(https:\/\/www.isperdas.it\/wp-content\/uploads\/2023\/02\/is-perdas-agriturismo-fratelli-ollanu-sardegna-1.jpg);padding-top:calc((100% + 6px) * 0.8 - 3px);background-position:;\" class=\"fusion-masonry-element-container\"><img decoding=\"async\" src=\"https:\/\/www.isperdas.it\/wp-content\/uploads\/2023\/02\/is-perdas-agriturismo-fratelli-ollanu-sardegna-1.jpg\" width=\"638\" height=\"850\" alt=\"\" title=\"is-perdas-agriturismo-fratelli-ollanu-sardegna-1\" aria-label=\"is-perdas-agriturismo-fratelli-ollanu-sardegna-1\" class=\"img-responsive wp-image-12712\" srcset=\"https:\/\/www.isperdas.it\/wp-content\/uploads\/2023\/02\/is-perdas-agriturismo-fratelli-ollanu-sardegna-1-200x266.jpg 200w, https:\/\/www.isperdas.it\/wp-content\/uploads\/2023\/02\/is-perdas-agriturismo-fratelli-ollanu-sardegna-1-400x533.jpg 400w, https:\/\/www.isperdas.it\/wp-content\/uploads\/2023\/02\/is-perdas-agriturismo-fratelli-ollanu-sardegna-1-600x799.jpg 600w, https:\/\/www.isperdas.it\/wp-content\/uploads\/2023\/02\/is-perdas-agriturismo-fratelli-ollanu-sardegna-1.jpg 638w\" sizes=\"(min-width: 2200px) 100vw, (min-width: 1000px) 198px, (min-width: 928px) 237px, (min-width: 856px) 296px, (min-width: 784px) 395px, (min-width: 712px) 593px, (min-width: 640px) 712px, \" \/><\/div><\/a><\/div><\/div><\/div><\/div><\/div><\/div><\/div><\/div><\/p>\n","protected":false},"excerpt":{"rendered":"","protected":false},"author":1,"featured_media":0,"parent":13640,"menu_order":0,"comment_status":"closed","ping_status":"closed","template":"100-width.php","meta":{"footnotes":""},"class_list":["post-13645","page","type-page","status-publish","hentry"],"yoast_head":"<!-- This site is optimized with the Yoast SEO plugin v23.9 - https:\/\/yoast.com\/wordpress\/plugins\/seo\/ -->\n<title>Wer wir sind - Is Perdas Sardegna Gergei<\/title>\n<meta name=\"description\" content=\"Is Perdas Agriturismo, Resort &amp; Spa Gergei, Sardegna\" \/>\n<meta name=\"robots\" content=\"index, follow, max-snippet:-1, max-image-preview:large, max-video-preview:-1\" \/>\n<link rel=\"canonical\" href=\"https:\/\/www.isperdas.it\/de\/willkommen\/wer-wir-sind\/\" \/>\n<meta property=\"og:locale\" content=\"de_DE\" \/>\n<meta property=\"og:type\" content=\"article\" \/>\n<meta property=\"og:title\" content=\"Wer wir sind - Is Perdas Sardegna Gergei\" \/>\n<meta property=\"og:description\" content=\"Is Perdas Agriturismo, Resort &amp; Spa Gergei, Sardegna\" \/>\n<meta property=\"og:url\" content=\"https:\/\/www.isperdas.it\/de\/willkommen\/wer-wir-sind\/\" \/>\n<meta property=\"og:site_name\" content=\"Is Perdas Agriturismo, Resort &amp; Spa Gergei, Sardegna\" \/>\n<meta property=\"article:modified_time\" content=\"2023-07-03T09:52:26+00:00\" \/>\n<meta name=\"twitter:card\" content=\"summary_large_image\" \/>\n<meta name=\"twitter:label1\" content=\"Gesch\u00e4tzte Lesezeit\" \/>\n\t<meta name=\"twitter:data1\" content=\"9\u00a0Minuten\" \/>\n<script type=\"application\/ld+json\" class=\"yoast-schema-graph\">{\"@context\":\"https:\/\/schema.org\",\"@graph\":[{\"@type\":\"WebPage\",\"@id\":\"https:\/\/www.isperdas.it\/de\/willkommen\/wer-wir-sind\/\",\"url\":\"https:\/\/www.isperdas.it\/de\/willkommen\/wer-wir-sind\/\",\"name\":\"Wer wir sind - Is Perdas Sardegna Gergei\",\"isPartOf\":{\"@id\":\"https:\/\/www.isperdas.it\/#website\"},\"datePublished\":\"2023-02-02T19:09:06+00:00\",\"dateModified\":\"2023-07-03T09:52:26+00:00\",\"description\":\"Is Perdas Agriturismo, Resort &amp; Spa Gergei, Sardegna\",\"breadcrumb\":{\"@id\":\"https:\/\/www.isperdas.it\/de\/willkommen\/wer-wir-sind\/#breadcrumb\"},\"inLanguage\":\"de\",\"potentialAction\":[{\"@type\":\"ReadAction\",\"target\":[\"https:\/\/www.isperdas.it\/de\/willkommen\/wer-wir-sind\/\"]}]},{\"@type\":\"BreadcrumbList\",\"@id\":\"https:\/\/www.isperdas.it\/de\/willkommen\/wer-wir-sind\/#breadcrumb\",\"itemListElement\":[{\"@type\":\"ListItem\",\"position\":1,\"name\":\"Is Perdas\",\"item\":\"https:\/\/www.isperdas.it\/de\/willkommen\/\"},{\"@type\":\"ListItem\",\"position\":2,\"name\":\"Wer wir sind\"}]},{\"@type\":\"WebSite\",\"@id\":\"https:\/\/www.isperdas.it\/#website\",\"url\":\"https:\/\/www.isperdas.it\/\",\"name\":\"Is Perdas Agriturismo, Resort &amp; Spa Gergei, Sardegna\",\"description\":\"Regalati una vacanza in una location speciale, tra natura, cultura e tradizione\",\"potentialAction\":[{\"@type\":\"SearchAction\",\"target\":{\"@type\":\"EntryPoint\",\"urlTemplate\":\"https:\/\/www.isperdas.it\/?s={search_term_string}\"},\"query-input\":{\"@type\":\"PropertyValueSpecification\",\"valueRequired\":true,\"valueName\":\"search_term_string\"}}],\"inLanguage\":\"de\"}]}<\/script>\n<!-- \/ Yoast SEO plugin. -->","yoast_head_json":{"title":"Wer wir sind - Is Perdas Sardegna Gergei","description":"Is Perdas Agriturismo, Resort &amp; Spa Gergei, Sardegna","robots":{"index":"index","follow":"follow","max-snippet":"max-snippet:-1","max-image-preview":"max-image-preview:large","max-video-preview":"max-video-preview:-1"},"canonical":"https:\/\/www.isperdas.it\/de\/willkommen\/wer-wir-sind\/","og_locale":"de_DE","og_type":"article","og_title":"Wer wir sind - Is Perdas Sardegna Gergei","og_description":"Is Perdas Agriturismo, Resort &amp; Spa Gergei, Sardegna","og_url":"https:\/\/www.isperdas.it\/de\/willkommen\/wer-wir-sind\/","og_site_name":"Is Perdas Agriturismo, Resort &amp; Spa Gergei, Sardegna","article_modified_time":"2023-07-03T09:52:26+00:00","twitter_card":"summary_large_image","twitter_misc":{"Gesch\u00e4tzte Lesezeit":"9\u00a0Minuten"},"schema":{"@context":"https:\/\/schema.org","@graph":[{"@type":"WebPage","@id":"https:\/\/www.isperdas.it\/de\/willkommen\/wer-wir-sind\/","url":"https:\/\/www.isperdas.it\/de\/willkommen\/wer-wir-sind\/","name":"Wer wir sind - Is Perdas Sardegna Gergei","isPartOf":{"@id":"https:\/\/www.isperdas.it\/#website"},"datePublished":"2023-02-02T19:09:06+00:00","dateModified":"2023-07-03T09:52:26+00:00","description":"Is Perdas Agriturismo, Resort &amp; Spa Gergei, Sardegna","breadcrumb":{"@id":"https:\/\/www.isperdas.it\/de\/willkommen\/wer-wir-sind\/#breadcrumb"},"inLanguage":"de","potentialAction":[{"@type":"ReadAction","target":["https:\/\/www.isperdas.it\/de\/willkommen\/wer-wir-sind\/"]}]},{"@type":"BreadcrumbList","@id":"https:\/\/www.isperdas.it\/de\/willkommen\/wer-wir-sind\/#breadcrumb","itemListElement":[{"@type":"ListItem","position":1,"name":"Is Perdas","item":"https:\/\/www.isperdas.it\/de\/willkommen\/"},{"@type":"ListItem","position":2,"name":"Wer wir sind"}]},{"@type":"WebSite","@id":"https:\/\/www.isperdas.it\/#website","url":"https:\/\/www.isperdas.it\/","name":"Is Perdas Agriturismo, Resort &amp; Spa Gergei, Sardegna","description":"Regalati una vacanza in una location speciale, tra natura, cultura e tradizione","potentialAction":[{"@type":"SearchAction","target":{"@type":"EntryPoint","urlTemplate":"https:\/\/www.isperdas.it\/?s={search_term_string}"},"query-input":{"@type":"PropertyValueSpecification","valueRequired":true,"valueName":"search_term_string"}}],"inLanguage":"de"}]}},"_links":{"self":[{"href":"https:\/\/www.isperdas.it\/de\/wp-json\/wp\/v2\/pages\/13645","targetHints":{"allow":["GET"]}}],"collection":[{"href":"https:\/\/www.isperdas.it\/de\/wp-json\/wp\/v2\/pages"}],"about":[{"href":"https:\/\/www.isperdas.it\/de\/wp-json\/wp\/v2\/types\/page"}],"author":[{"embeddable":true,"href":"https:\/\/www.isperdas.it\/de\/wp-json\/wp\/v2\/users\/1"}],"replies":[{"embeddable":true,"href":"https:\/\/www.isperdas.it\/de\/wp-json\/wp\/v2\/comments?post=13645"}],"version-history":[{"count":7,"href":"https:\/\/www.isperdas.it\/de\/wp-json\/wp\/v2\/pages\/13645\/revisions"}],"predecessor-version":[{"id":17220,"href":"https:\/\/www.isperdas.it\/de\/wp-json\/wp\/v2\/pages\/13645\/revisions\/17220"}],"up":[{"embeddable":true,"href":"https:\/\/www.isperdas.it\/de\/wp-json\/wp\/v2\/pages\/13640"}],"wp:attachment":[{"href":"https:\/\/www.isperdas.it\/de\/wp-json\/wp\/v2\/media?parent=13645"}],"curies":[{"name":"wp","href":"https:\/\/api.w.org\/{rel}","templated":true}]}}